{"id":178,"date":"2019-04-09T03:43:35","date_gmt":"2019-04-09T03:43:35","guid":{"rendered":"https:\/\/lordcros.c-themes.com\/demo1\/?page_id=178"},"modified":"2025-01-30T10:25:54","modified_gmt":"2025-01-30T10:25:54","slug":"restaurant","status":"publish","type":"page","link":"https:\/\/www.portedegeneve.com\/fr\/restaurant\/","title":{"rendered":"Restaurant"},"content":{"rendered":"[vc_row wrap_container=&#8221;true&#8221; el_id=&#8221;restaurant-food-menu-section&#8221;][vc_column][vc_custom_heading text=&#8221;Un restaurant savoyard et de saison \u00e0 Annemasse&#8221; font_container=&#8221;tag:h1|font_size:30px|text_align:left|color:%23382d2c|line_height:35px&#8221; google_fonts=&#8221;font_family:Signika%20Negative%3A300%2Cregular%2C600%2C700|font_style:400%20regular%3A400%3Anormal&#8221; css=&#8221;.vc_custom_1565949102696{margin-top: 0px !important;margin-bottom: 40px !important;}&#8221;][\/vc_column][\/vc_row][vc_row wrap_container=&#8221;true&#8221;][vc_column][vc_column_text]La cuisine compos\u00e9e \u00e0 partir de produits locaux fait la part belle aux recettes de tradition savoyarde (raclette, tartiflette) mais vous sera \u00e9galement propos\u00e9 \u00ab des plats du jour \u00bb pour choisir selon vos go\u00fbts et humeurs. Tous nos plats sont \u00e9labor\u00e9s maison, avec des produits uniquement de saison. Notre carte change donc r\u00e9guli\u00e8rement. N\u2019h\u00e9sitez pas \u00e0 nous rendre visite!<\/p>\n<p>Plat du jour: 15 \u20ac<br \/>\nMenu 2 plats: 21 \u20ac<br \/>\nMenu 3 plats : 27 \u20ac<\/p>\n<p><strong>Le restaurant Le bistrot des alpes : horaires des services<\/strong><br \/>\nLe restaurant Le bistrot des alpes est ouvert du lundi au vendredi le soir, de 19 heures \u00e0 20h30 pour la derni\u00e8re prise de commande. A la belle saison, vous appr\u00e9cierez de prendre vos d\u00eeners \u00e0 l\u2019ext\u00e9rieur, sur notre terrasse fleurie et ombrag\u00e9e, au pied du Mont Sal\u00e8ve.[\/vc_column_text]<div id=\"lordcros-button-767269ef1ae20b4c0\" class=\"lordcros-shortcode-button  vc_custom_1674724919849\" style=\"animation-delay: 1s;\"><a href=\"http:\/\/www.portedegeneve.com\/wp-content\/uploads\/2023\/01\/Menu-Hotel-Porte-de-Geneve.pdf\" target=\"_blank\" class=\"lordcros-btn primary-clr rectangle-style medium\"><span>D\u00e9couvrez notre menu<\/span><\/a><\/div>[\/vc_column][\/vc_row][vc_row wrap_container=&#8221;true&#8221; css=&#8221;.vc_custom_1561332669113{padding-top: 35px !important;}&#8221;][vc_column][vc_custom_heading text=&#8221;Des soir\u00e9es \u00e9tape gourmandes \u00e0 l\u2019h\u00f4tel Porte de Gen\u00e8ve&#8221; font_container=&#8221;tag:h2|font_size:30px|text_align:left|color:%23382d2c|line_height:35px&#8221; google_fonts=&#8221;font_family:Signika%20Negative%3A300%2Cregular%2C600%2C700|font_style:400%20regular%3A400%3Anormal&#8221; css=&#8221;.vc_custom_1565949125043{margin-top: 0px !important;margin-bottom: 40px !important;}&#8221;][\/vc_column][\/vc_row][vc_row wrap_container=&#8221;true&#8221; css=&#8221;.vc_custom_1561333096631{padding-bottom: 40px !important;}&#8221;][vc_column][vc_column_text]L\u2019H\u00f4tel Porte de Gen\u00e8ve, le<b> confort d\u2019un d\u00eener sur place.<\/b><\/p>\n<p>Et pour un s\u00e9jour encore plus confortable et pratique, vous pourrez prendre, en semaine, vos repas le soir, au r<b>estaurant de l\u2019H\u00f4tel Porte de Gen\u00e8ve.<\/b><\/p>\n<p>Gr\u00e2ce \u00e0 nos offres <b>soir\u00e9es \u00e9tape<\/b>, dormez dans l\u2019une de nos confortables chambres et d\u00eenez au restaurant &#8220;Le bistrot des alpes&#8221; pour un prix tr\u00e8s comp\u00e9titif ! Plats du jour, salades pizzas et grillades<\/p>\n<p>Ce tarif comprend:<\/p>\n<ul>\n<li>Votre chambre<\/li>\n<li>Le petit d\u00e9jeuner<\/li>\n<li>Un d\u00eener ( Menu du jour 2 ou 3 plats au choix : entr\u00e9e &#8211; plat &#8211; dessert)<\/li>\n<\/ul>\n<p>La cuisine fra\u00eeche et de saison saura ravir toutes les papilles!<\/p>\n<p><b>Avec le retour de la saison froide, profitez de nos sp\u00e9cialit\u00e9s savoyardes comme la tartiflette, la raclette et la fondue!<\/b><br \/>\nPossibilit\u00e9 de plateau &#8220;Bonne franquette&#8221;<br \/>\nPour les clients de l&#8217;h\u00f4tel, possibilit\u00e9 de restauration rapide avec un plateau &#8220;Bonne franquette&#8221;, avec charcuteries, fromage de Savoie et pain jusqu&#8217;\u00e0 22h.<br \/>\nPrix du plateau bonne franquette: 12 Euros[\/vc_column_text][\/vc_column][\/vc_row]\n","protected":false},"excerpt":{"rendered":"<p>[vc_row wrap_container=&#8221;true&#8221; el_id=&#8221;restaurant-food-menu-section&#8221;][vc_column][vc_custom_heading text=&#8221;Un restaurant savoyard et de saison \u00e0 Annemasse&#8221; font_container=&#8221;tag:h1|font_size:30px|text_align:left|color:%23382d2c|line_height:35px&#8221; google_fonts=&#8221;font_family:Signika%20Negative%3A300%2Cregular%2C600%2C700|font_style:400%20regular%3A400%3Anormal&#8221; css=&#8221;.vc_custom_1565949102696{margin-top: 0px !important;margin-bottom: 40px !important;}&#8221;][\/vc_column][\/vc_row][vc_row wrap_container=&#8221;true&#8221;][vc_column][vc_column_text]La cuisine compos\u00e9e \u00e0 partir de produits locaux fait la part belle aux recettes de tradition savoyarde (raclette, tartiflette) mais vous sera \u00e9galement propos\u00e9 \u00ab des plats du jour \u00bb pour choisir selon vos go\u00fbts et humeurs. [&hellip;]<\/p>\n","protected":false},"author":2,"featured_media":0,"parent":0,"menu_order":0,"comment_status":"closed","ping_status":"closed","template":"","meta":{"_acf_changed":false,"footnotes":""},"class_list":["post-178","page","type-page","status-publish","hentry"],"acf":[],"yoast_head":"<title>Restaurant au fil des saison - Soir\u00e9es \u00e9tape et savoyardes \u00e0 annemasse-Porte de Gen\u00e8ve<\/title>\n<meta name=\"description\" content=\"D\u00e9couvrez les soir\u00e9es \u00e9tape de notre h\u00f4tel \u00e0 Annemasse, proche de Gen\u00e8ve. Un restaurant avec des produits frais et de saison. Soir\u00e9es savoyardes, raclettes et fondues.\" \/>\n<meta name=\"robots\" content=\"index, follow, max-snippet:-1, max-image-preview:large, max-video-preview:-1\" \/>\n<link rel=\"canonical\" href=\"https:\/\/www.portedegeneve.com\/fr\/restaurant\/\" \/>\n<meta property=\"og:locale\" content=\"fr_FR\" \/>\n<meta property=\"og:type\" content=\"article\" \/>\n<meta property=\"og:title\" content=\"Restaurant au fil des saison - Soir\u00e9es \u00e9tape et savoyardes \u00e0 annemasse-Porte de Gen\u00e8ve\" \/>\n<meta property=\"og:description\" content=\"D\u00e9couvrez les soir\u00e9es \u00e9tape de notre h\u00f4tel \u00e0 Annemasse, proche de Gen\u00e8ve. Un restaurant avec des produits frais et de saison. Soir\u00e9es savoyardes, raclettes et fondues.\" \/>\n<meta property=\"og:url\" content=\"https:\/\/www.portedegeneve.com\/fr\/restaurant\/\" \/>\n<meta property=\"og:site_name\" content=\"H\u00f4tel Porte de Gen\u00e8ve\" \/>\n<meta property=\"article:modified_time\" content=\"2025-01-30T10:25:54+00:00\" \/>\n<meta name=\"twitter:card\" content=\"summary_large_image\" \/>\n<meta name=\"twitter:label1\" content=\"Est. reading time\" \/>\n\t<meta name=\"twitter:data1\" content=\"2 minutes\" \/>\n<script type=\"application\/ld+json\" class=\"yoast-schema-graph\">{\"@context\":\"https:\/\/schema.org\",\"@graph\":[{\"@type\":\"WebPage\",\"@id\":\"https:\/\/www.portedegeneve.com\/fr\/restaurant\/\",\"url\":\"https:\/\/www.portedegeneve.com\/fr\/restaurant\/\",\"name\":\"Restaurant au fil des saison - Soir\u00e9es \u00e9tape et savoyardes \u00e0 annemasse-Porte de Gen\u00e8ve\",\"isPartOf\":{\"@id\":\"https:\/\/www.portedegeneve.com\/fr\/#website\"},\"datePublished\":\"2019-04-09T03:43:35+00:00\",\"dateModified\":\"2025-01-30T10:25:54+00:00\",\"description\":\"D\u00e9couvrez les soir\u00e9es \u00e9tape de notre h\u00f4tel \u00e0 Annemasse, proche de Gen\u00e8ve. Un restaurant avec des produits frais et de saison. Soir\u00e9es savoyardes, raclettes et fondues.\",\"breadcrumb\":{\"@id\":\"https:\/\/www.portedegeneve.com\/fr\/restaurant\/#breadcrumb\"},\"inLanguage\":\"fr-FR\",\"potentialAction\":[{\"@type\":\"ReadAction\",\"target\":[\"https:\/\/www.portedegeneve.com\/fr\/restaurant\/\"]}]},{\"@type\":\"BreadcrumbList\",\"@id\":\"https:\/\/www.portedegeneve.com\/fr\/restaurant\/#breadcrumb\",\"itemListElement\":[{\"@type\":\"ListItem\",\"position\":1,\"name\":\"Accueil\",\"item\":\"https:\/\/www.portedegeneve.com\/fr\/\"},{\"@type\":\"ListItem\",\"position\":2,\"name\":\"Restaurant\"}]},{\"@type\":\"WebSite\",\"@id\":\"https:\/\/www.portedegeneve.com\/fr\/#website\",\"url\":\"https:\/\/www.portedegeneve.com\/fr\/\",\"name\":\"H\u00f4tel Porte de Gen\u00e8ve\",\"description\":\"H\u00f4tel Porte de Gen\u00e8ve\",\"publisher\":{\"@id\":\"https:\/\/www.portedegeneve.com\/fr\/#organization\"},\"potentialAction\":[{\"@type\":\"SearchAction\",\"target\":{\"@type\":\"EntryPoint\",\"urlTemplate\":\"https:\/\/www.portedegeneve.com\/fr\/?s={search_term_string}\"},\"query-input\":{\"@type\":\"PropertyValueSpecification\",\"valueRequired\":true,\"valueName\":\"search_term_string\"}}],\"inLanguage\":\"fr-FR\"},{\"@type\":\"Organization\",\"@id\":\"https:\/\/www.portedegeneve.com\/fr\/#organization\",\"name\":\"Hotel Porte de Gen\u00e8ve\",\"url\":\"https:\/\/www.portedegeneve.com\/fr\/\",\"logo\":{\"@type\":\"ImageObject\",\"inLanguage\":\"fr-FR\",\"@id\":\"https:\/\/www.portedegeneve.com\/fr\/#\/schema\/logo\/image\/\",\"url\":\"https:\/\/www.portedegeneve.com\/wp-content\/uploads\/2019\/06\/portes_de_geneve_logo_min.png\",\"contentUrl\":\"https:\/\/www.portedegeneve.com\/wp-content\/uploads\/2019\/06\/portes_de_geneve_logo_min.png\",\"width\":224,\"height\":67,\"caption\":\"Hotel Porte de Gen\u00e8ve\"},\"image\":{\"@id\":\"https:\/\/www.portedegeneve.com\/fr\/#\/schema\/logo\/image\/\"}}]}<\/script>","yoast_head_json":{"title":"Restaurant au fil des saison - Soir\u00e9es \u00e9tape et savoyardes \u00e0 annemasse-Porte de Gen\u00e8ve","description":"D\u00e9couvrez les soir\u00e9es \u00e9tape de notre h\u00f4tel \u00e0 Annemasse, proche de Gen\u00e8ve. Un restaurant avec des produits frais et de saison. Soir\u00e9es savoyardes, raclettes et fondues.","robots":{"index":"index","follow":"follow","max-snippet":"max-snippet:-1","max-image-preview":"max-image-preview:large","max-video-preview":"max-video-preview:-1"},"canonical":"https:\/\/www.portedegeneve.com\/fr\/restaurant\/","og_locale":"fr_FR","og_type":"article","og_title":"Restaurant au fil des saison - Soir\u00e9es \u00e9tape et savoyardes \u00e0 annemasse-Porte de Gen\u00e8ve","og_description":"D\u00e9couvrez les soir\u00e9es \u00e9tape de notre h\u00f4tel \u00e0 Annemasse, proche de Gen\u00e8ve. Un restaurant avec des produits frais et de saison. Soir\u00e9es savoyardes, raclettes et fondues.","og_url":"https:\/\/www.portedegeneve.com\/fr\/restaurant\/","og_site_name":"H\u00f4tel Porte de Gen\u00e8ve","article_modified_time":"2025-01-30T10:25:54+00:00","twitter_card":"summary_large_image","twitter_misc":{"Est. reading time":"2 minutes"},"schema":{"@context":"https:\/\/schema.org","@graph":[{"@type":"WebPage","@id":"https:\/\/www.portedegeneve.com\/fr\/restaurant\/","url":"https:\/\/www.portedegeneve.com\/fr\/restaurant\/","name":"Restaurant au fil des saison - Soir\u00e9es \u00e9tape et savoyardes \u00e0 annemasse-Porte de Gen\u00e8ve","isPartOf":{"@id":"https:\/\/www.portedegeneve.com\/fr\/#website"},"datePublished":"2019-04-09T03:43:35+00:00","dateModified":"2025-01-30T10:25:54+00:00","description":"D\u00e9couvrez les soir\u00e9es \u00e9tape de notre h\u00f4tel \u00e0 Annemasse, proche de Gen\u00e8ve. Un restaurant avec des produits frais et de saison. Soir\u00e9es savoyardes, raclettes et fondues.","breadcrumb":{"@id":"https:\/\/www.portedegeneve.com\/fr\/restaurant\/#breadcrumb"},"inLanguage":"fr-FR","potentialAction":[{"@type":"ReadAction","target":["https:\/\/www.portedegeneve.com\/fr\/restaurant\/"]}]},{"@type":"BreadcrumbList","@id":"https:\/\/www.portedegeneve.com\/fr\/restaurant\/#breadcrumb","itemListElement":[{"@type":"ListItem","position":1,"name":"Accueil","item":"https:\/\/www.portedegeneve.com\/fr\/"},{"@type":"ListItem","position":2,"name":"Restaurant"}]},{"@type":"WebSite","@id":"https:\/\/www.portedegeneve.com\/fr\/#website","url":"https:\/\/www.portedegeneve.com\/fr\/","name":"H\u00f4tel Porte de Gen\u00e8ve","description":"H\u00f4tel Porte de Gen\u00e8ve","publisher":{"@id":"https:\/\/www.portedegeneve.com\/fr\/#organization"},"potentialAction":[{"@type":"SearchAction","target":{"@type":"EntryPoint","urlTemplate":"https:\/\/www.portedegeneve.com\/fr\/?s={search_term_string}"},"query-input":{"@type":"PropertyValueSpecification","valueRequired":true,"valueName":"search_term_string"}}],"inLanguage":"fr-FR"},{"@type":"Organization","@id":"https:\/\/www.portedegeneve.com\/fr\/#organization","name":"Hotel Porte de Gen\u00e8ve","url":"https:\/\/www.portedegeneve.com\/fr\/","logo":{"@type":"ImageObject","inLanguage":"fr-FR","@id":"https:\/\/www.portedegeneve.com\/fr\/#\/schema\/logo\/image\/","url":"https:\/\/www.portedegeneve.com\/wp-content\/uploads\/2019\/06\/portes_de_geneve_logo_min.png","contentUrl":"https:\/\/www.portedegeneve.com\/wp-content\/uploads\/2019\/06\/portes_de_geneve_logo_min.png","width":224,"height":67,"caption":"Hotel Porte de Gen\u00e8ve"},"image":{"@id":"https:\/\/www.portedegeneve.com\/fr\/#\/schema\/logo\/image\/"}}]}},"_links":{"self":[{"href":"https:\/\/www.portedegeneve.com\/fr\/wp-json\/wp\/v2\/pages\/178","targetHints":{"allow":["GET"]}}],"collection":[{"href":"https:\/\/www.portedegeneve.com\/fr\/wp-json\/wp\/v2\/pages"}],"about":[{"href":"https:\/\/www.portedegeneve.com\/fr\/wp-json\/wp\/v2\/types\/page"}],"author":[{"embeddable":true,"href":"https:\/\/www.portedegeneve.com\/fr\/wp-json\/wp\/v2\/users\/2"}],"replies":[{"embeddable":true,"href":"https:\/\/www.portedegeneve.com\/fr\/wp-json\/wp\/v2\/comments?post=178"}],"version-history":[{"count":10,"href":"https:\/\/www.portedegeneve.com\/fr\/wp-json\/wp\/v2\/pages\/178\/revisions"}],"predecessor-version":[{"id":15908,"href":"https:\/\/www.portedegeneve.com\/fr\/wp-json\/wp\/v2\/pages\/178\/revisions\/15908"}],"wp:attachment":[{"href":"https:\/\/www.portedegeneve.com\/fr\/wp-json\/wp\/v2\/media?parent=178"}],"curies":[{"name":"wp","href":"https:\/\/api.w.org\/{rel}","templated":true}]}}